{"id":1441,"date":"2021-02-02T19:45:41","date_gmt":"2021-02-03T00:45:41","guid":{"rendered":"https:\/\/myleneriva.ca\/?page_id=1441"},"modified":"2026-04-28T13:43:58","modified_gmt":"2026-04-28T17:43:58","slug":"news","status":"publish","type":"page","link":"https:\/\/myleneriva.ca\/fr\/news\/","title":{"rendered":"Nouvelles"},"content":{"rendered":"<h2>Nouvelles<\/h2>\n<figure itemscope itemtype=\"https:\/\/schema.org\/ImageObject\">\n\t\t\t\t<a href=\"https:\/\/myleneriva.ca\/wp-content\/uploads\/2026\/04\/PRISE_Parcours-de-vie_Rapport-FINAL.pdf\"  target=\"_blank\" rel=\"noopener\"  itemprop=\"url\">\n\t\t\t\t<img loading=\"lazy\" decoding=\"async\" src=\"https:\/\/myleneriva.ca\/wp-content\/uploads\/2026\/04\/prise_screen.png\" alt=\"prise_screen\" height=\"716\" width=\"553\" title=\"prise_screen\" onerror=\"this.style.display='none'\" \/>\n\t\t\t\t<\/a>\n\t<\/figure>\n\t<h4>\u00ab C&#8217;\u00e9tait tr\u00e8s difficile \u00e0 chauffer,<br \/>\npuis \u00e7a co\u00fbtait cher aussi d&#8217;\u00e9lectricit\u00e9,<br \/>\njuste pour un appartement ! \u00bb<br \/>\nUne \u00e9tude sur l&#8217;exp\u00e9rience v\u00e9cue de la pr\u00e9carit\u00e9 \u00e9nerg\u00e9tique sur l&#8217;\u00eele et la Rive-Sud de Montr\u00e9al<\/h4>\n<p>Congratulations to the team for their recent publication!<\/p>\n<p>Lisez-la <a href=\"https:\/\/myleneriva.ca\/wp-content\/uploads\/2026\/04\/PRISE_Parcours-de-vie_Rapport-FINAL.pdf\">ici<\/a>!<\/p>\n<p>Mars 2026<\/p>\n<figure itemscope itemtype=\"https:\/\/schema.org\/ImageObject\">\n\t\t\t\t<img loading=\"lazy\" decoding=\"async\" src=\"https:\/\/myleneriva.ca\/wp-content\/uploads\/2024\/10\/processed-441F6F0E-0654-4B07-B376-C9C820A06CD2-1-800x450.jpeg\" alt=\"processed-441F6F0E-0654-4B07-B376-C9C820A06CD2\" height=\"450\" width=\"800\" title=\"processed-441F6F0E-0654-4B07-B376-C9C820A06CD2\" onerror=\"this.style.display='none'\" \/>\n\t<\/figure>\n\t<h4><a href=\"https:\/\/myleneriva.ca\/fr\/2024\/10\/community-engagement-and-knowledge-translation-in-bridgewater\/\">L'ENGAGEMENT COMMUNAUTAIRE ET L'APPLICATION DES CONNAISSANCES \u00c0 BRIDGEWATER<\/a><\/h4>\n<p>Les membres de l'\u00e9quipe, Laurianne, Sophie et Asia, se sont rendus \u00e0 Bridgewater avec des pr\u00e9sentations et des activit\u00e9s attrayantes pour partager les r\u00e9sultats de la recherche sur le projet BridgES avec les habitants de Bridgewater.<\/p>\n<p>En savoir plus <a href=\"https:\/\/myleneriva.ca\/fr\/2024\/10\/community-engagement-and-knowledge-translation-in-bridgewater\/\">ici<\/a>.<\/p>\n<p>30 septembre 2024<\/p>\n<figure itemscope itemtype=\"https:\/\/schema.org\/ImageObject\">\n\t\t\t\t<a href=\"https:\/\/myleneriva.ca\/wp-content\/uploads\/2025\/04\/Lived_Experience.pdf\"  target=\"_blank\" rel=\"noopener\"  itemprop=\"url\">\n\t\t\t\t<img loading=\"lazy\" decoding=\"async\" src=\"https:\/\/myleneriva.ca\/wp-content\/uploads\/2025\/04\/Screenshot-2025-04-22-at-9.34.38\u202fAM.png\" alt=\"Screenshot 2025-04-22 at 9.34.38\u202fAM\" height=\"1768\" width=\"1366\" title=\"Screenshot 2025-04-22 at 9.34.38\u202fAM\" onerror=\"this.style.display='none'\" \/>\n\t\t\t\t<\/a>\n\t<\/figure>\n\t<h4>Un nouveau rapport explore la pr\u00e9carit\u00e9 \u00e9nerg\u00e9tique du point de vue des m\u00e9nages des villes du Canada atlantique<\/h4>\n<p>Congratulations to team member Laurianne Debann\u00e9 for her recent publication: &#8220;<a href=\"https:\/\/myleneriva.ca\/wp-content\/uploads\/2025\/04\/Lived_Experience.pdf\">Energy hardship, housing and daily life: A Summary Report<\/a>&#8220;.<\/p>\n<p>20 septembre 2024<\/p>\n<figure itemscope itemtype=\"https:\/\/schema.org\/ImageObject\">\n\t\t\t\t<a href=\"https:\/\/www.sciencedirect.com\/science\/article\/pii\/S2214629624003001\"  target=\"_blank\" rel=\"noopener\"  itemprop=\"url\">\n\t\t\t\t<img loading=\"lazy\" decoding=\"async\" src=\"https:\/\/myleneriva.ca\/wp-content\/uploads\/2024\/09\/Energy-poverty-and-well-being-at-the-local-level-Insights-from-a-community-wide-survey-in-Atlantic-Canada.png\" alt=\"Energy poverty and well-being at the local level Insights from a community-wide survey in Atlantic Canada\" height=\"1080\" width=\"1920\" title=\"Energy poverty and well-being at the local level Insights from a community-wide survey in Atlantic Canada\" onerror=\"this.style.display='none'\" \/>\n\t\t\t\t<\/a>\n\t<\/figure>\n\t<h4>Nouveau rapport sur les liens entre la pr\u00e9carit\u00e9 \u00e9nerg\u00e9tique et la sant\u00e9 dans les villes du Canada atlantique<\/h4>\n<p>Congratulations to team members Laurianne\u00a0Debann\u00e9, Sophie Kutuka, and Morgen Bertheussen for their recent publication: &#8220;<a href=\"https:\/\/www.sciencedirect.com\/science\/article\/pii\/S2214629624003001\">Energy poverty and well-being at the local level: Insights from a community-wide survey in Atlantic Canada \u00bb<\/a>&#8220;.<\/p>\n<p>16 septembre 2024<\/p>\n<figure itemscope itemtype=\"https:\/\/schema.org\/ImageObject\">\n\t\t\t\t<a href=\"https:\/\/www.tandfonline.com\/doi\/full\/10.1080\/02723638.2024.2377437?src=exp-la\"  target=\"_blank\" rel=\"noopener\"  itemprop=\"url\">\n\t\t\t\t<img loading=\"lazy\" decoding=\"async\" src=\"https:\/\/myleneriva.ca\/wp-content\/uploads\/2024\/07\/website-media.png\" alt=\"Click to read the article\" height=\"1080\" width=\"1920\" title=\"website media\" onerror=\"this.style.display='none'\" \/>\n\t\t\t\t<\/a>\n\t<\/figure>\n\t<h4>Un nouvel article explore la police de proximit\u00e9 des sans-abri \u00e0 Montr\u00e9al au Canada<\/h4>\n<p>Congratulations to team member Hannah Brais for her recent publication: &#8220;<a href=\"https:\/\/www.tandfonline.com\/doi\/full\/10.1080\/02723638.2024.2377437\" target=\"_blank\" rel=\"noopener\">Shelter in place: neighborhood policing of homelessness in Montreal, Canada \u00bb<\/a>&#8220;.<\/p>\n<p>30 juillet 2024<\/p>\n<figure itemscope itemtype=\"https:\/\/schema.org\/ImageObject\">\n\t\t\t\t<a href=\"https:\/\/myleneriva.ca\/fr\/2023\/11\/congratulations-to-maria\/\"  target=\"_blank\" rel=\"noopener\"  itemprop=\"url\">\n\t\t\t\t<img loading=\"lazy\" decoding=\"async\" src=\"https:\/\/myleneriva.ca\/wp-content\/uploads\/2023\/11\/maria-won-e1698959117888.png\" alt=\"maria won\" height=\"392\" width=\"697\" title=\"maria won\" onerror=\"this.style.display='none'\" \/>\n\t\t\t\t<\/a>\n\t<\/figure>\n\t<h4><a href=\"https:\/\/myleneriva.ca\/fr\/2023\/11\/congratulations-to-maria\/\">F\u00e9licitations \u00e0 Maria !<\/a><\/h4>\n<p>Cet automne, Maria Gheorghiu, \u00e9tudiante de premier cycle avec sp\u00e9cialisation, a re\u00e7u le prix de la meilleure affiche de recherche de premier cycle (deuxi\u00e8me place) lors de la s\u00e9ance d'affiches de recherche du Centre d'innovation en stockage et en conversion de l'\u00e9nergie de McGill.<\/p>\n<a href=\"https:\/\/myleneriva.ca\/fr\/2023\/11\/congratulations-to-maria\/\">En savoir plus<\/a><br \/>\n<time datetime=\"June 21, 2021\">2 novembre 2023<\/time>\n<figure itemscope itemtype=\"https:\/\/schema.org\/ImageObject\">\n\t\t\t\t<a href=\"https:\/\/static1.squarespace.com\/static\/618a847db0da28769687653a\/t\/6441280ff292784ad1a367ae\/1681991705809\/Energy+Needs+Housing+Wellbeing+in+Bridgewater+Final+Report.pdf\"  target=\"_blank\" rel=\"noopener\"  itemprop=\"url\">\n\t\t\t\t<img loading=\"lazy\" decoding=\"async\" src=\"https:\/\/myleneriva.ca\/wp-content\/uploads\/2023\/04\/EP_bridgewater.jpg\" alt=\"Click here to read the report\" height=\"900\" width=\"1600\" title=\"EP_bridgewater\" onerror=\"this.style.display='none'\" \/>\n\t\t\t\t<\/a>\n\t<\/figure>\n\t<header>\n<\/header><header>\n<\/header><header>\n<\/header><header>\n<h4><a href=\"https:\/\/myleneriva.ca\/fr\/2023\/04\/mcgill-university-researchers-measure-energy-burden-in-bridgewater\/\">Des chercheurs de l'Universit\u00e9 McGill mesurent les fardeaux \u00e9nerg\u00e9tiques \u00e0 Bridgewater<\/a><\/h4>\n<\/header>\n<p>Maintenant que <a href=\"https:\/\/www.energizebridgewater.ca\/\" target=\"_blank\" rel=\"noopener\"><em>Energize Bridgewater<\/em><\/a> is operational &#8211; linking residents with incentives, assistance, and renovation expertise for energy upgrades &#8211; <strong>une \u00e9quipe de chercheurs de l'Universit\u00e9 McGill passera les prochaines ann\u00e9es \u00e0 mesurer l'impact de <em>Energize Bridgewater<\/em><\/strong> sur la sant\u00e9 et le bien-\u00eatre.sur la sant\u00e9 et le bien-\u00eatre.<\/p>\n\n<a href=\"https:\/\/myleneriva.ca\/fr\/2023\/04\/mcgill-university-researchers-measure-energy-burden-in-bridgewater\/\">En savoir plus<\/a><br \/>\n<time datetime=\"June 21, 2021\">21 avril 2023<\/time>\n\n\n<figure itemscope itemtype=\"https:\/\/schema.org\/ImageObject\">\n\t\t\t\t<a href=\"https:\/\/link.springer.com\/article\/10.17269\/s41997-023-00741-0\"  target=\"_blank\" rel=\"noopener\"  itemprop=\"url\">\n\t\t\t\t<img loading=\"lazy\" decoding=\"async\" src=\"https:\/\/myleneriva.ca\/wp-content\/uploads\/2023\/04\/EP_Canada.png\" alt=\"Click to read the article\" height=\"844\" width=\"1500\" title=\"EP_Canada\" onerror=\"this.style.display='none'\" \/>\n\t\t\t\t<\/a>\n\t<\/figure>\n\t<header>\n<\/header><header>\n<\/header><header>\n<\/header><header>\n<h4><a title=\"New Paper Explores the Effects of Resource Extraction on Indigenous Peoples' Health in Canada\" href=\"https:\/\/myleneriva.ca\/fr\/2023\/04\/new-paper-explores-the-effects-of-resource-extraction-on-indigenous-peoples-health-in-canada-copy\/\">Une nouvelle \u00e9tude explore les effets de la pr\u00e9carit\u00e9 \u00e9nerg\u00e9tique sur la sant\u00e9 et le bien-\u00eatre dans le contexte canadien<\/a><\/h4>\n<\/header>\n<p>Congratulations to team members Prof. Riva and Sophie for their recent publication in the Canadian Journal of Public health, &#8220;<a href=\"https:\/\/link-springer-com.proxy3.library.mcgill.ca\/article\/10.17269\/s41997-023-00741-0\">Energy poverty: an overlooked determinant of health and climate resilience in Canada<\/a>&#8220;. This paper explores the relationship between energy poverty and health in the Canadian context&#8230;<\/p>\n<a href=\"https:\/\/myleneriva.ca\/fr\/2023\/04\/new-paper-explores-the-effects-of-resource-extraction-on-indigenous-peoples-health-in-canada-copy\/\">En savoir plus<\/a><br \/>\n<time datetime=\"June 21, 2021\">1er f\u00e9vrier 2023<\/time>\n\n\n\n<figure itemscope itemtype=\"https:\/\/schema.org\/ImageObject\">\n\t\t\t\t<a href=\"https:\/\/www.sciencedirect.com\/science\/article\/pii\/S2214790X21000460?via%3Dihub\"  target=\"_blank\" rel=\"noopener\"  itemprop=\"url\">\n\t\t\t\t<img loading=\"lazy\" decoding=\"async\" src=\"https:\/\/myleneriva.ca\/wp-content\/uploads\/2021\/06\/SU16-Shigley-fig1_203698-636x358-1-e1623274416327.jpg\" alt=\"Diavik diamond mind, Lac de Gras, NWT\" height=\"357\" width=\"596\" title=\"SU16-Shigley-fig1_203698-636x358\" onerror=\"this.style.display='none'\" \/>\n\t\t\t\t<\/a>\n\t<\/figure>\n\t<h4><a title=\"New Paper Explores the Effects of Resource Extraction on Indigenous Peoples' Health in Canada\" href=\"https:\/\/myleneriva.ca\/fr\/2021\/06\/new-paper-explores-the-effects-of-resource-extraction-on-indigenous-peoples-health-in-canada\/\">New Paper Explores the Effects of Resource Extraction on Indigenous Peoples&#8217; Health in Canada<\/a><\/h4>\n\n<p>Congratulations to lab member Ella Myette and Prof. Riva for their recent publication in The Extractive Industries and Society, &#8220;Surveying the complex social-ecological pathways between resource extraction and Indigenous Peoples&#8217; health in Canada: A scoping review with a realist perspective.&#8221; This paper explores the connections between resource extraction projects in&#8230;<\/p>\n<a href=\"https:\/\/myleneriva.ca\/fr\/2021\/06\/new-paper-explores-the-effects-of-resource-extraction-on-indigenous-peoples-health-in-canada\/\">En savoir plus<\/a><br \/>\n<time datetime=\"June 21, 2021\">21 juin 2021<\/time>\n<figure itemscope itemtype=\"https:\/\/schema.org\/ImageObject\">\n\t\t\t\t<a href=\"https:\/\/myleneriva.ca\/fr\/2021\/06\/congratulations-to-hannah-brais-and-sophie-kingunza-makasi\/\"  target=\"_blank\" rel=\"noopener\"  itemprop=\"url\">\n\t\t\t\t<img loading=\"lazy\" decoding=\"async\" src=\"https:\/\/myleneriva.ca\/wp-content\/uploads\/2021\/06\/congrats1-e1623274383529.jpeg\" alt=\"congrats1\" height=\"360\" width=\"601\" title=\"congrats1\" onerror=\"this.style.display='none'\" \/>\n\t\t\t\t<\/a>\n\t<\/figure>\n\t<h4><a title=\"F\u00e9licitations \u00e0 Hannah Brais et Sophie Kingunza Makasi\" href=\"https:\/\/myleneriva.ca\/fr\/2021\/06\/congratulations-to-hannah-brais-and-sophie-kingunza-makasi\/\">F\u00e9licitations \u00e0 Hannah Brais et Sophie Kingunza Makasi<\/a><\/h4>\n<p>We are pleased to announce that team members Hannah Brais and Sophie Kingunza Makasi have been awarded scholarships to support their graduate research. Hannah received the Joseph-Armand Bombardier Canada Graduate Scholarship &#8211; Doctoral &#8211; from the Social Sciences and Humanities Research Council of Canada (SSHRC) to continue her work examining&#8230;<\/p>\n<a href=\"https:\/\/myleneriva.ca\/fr\/2021\/06\/congratulations-to-hannah-brais-and-sophie-kingunza-makasi\/\">En savoir plus<\/a><br \/>\n<time datetime=\"June 9, 2021\">9 juin 2021<\/time>\n<figure itemscope itemtype=\"https:\/\/schema.org\/ImageObject\">\n\t\t\t\t<a href=\"https:\/\/myleneriva.ca\/wp-content\/uploads\/2025\/03\/Nuna-Interviews_-Report-_-Digital-FINAL.pdf\"  target=\"_blank\" rel=\"noopener\"  itemprop=\"url\">\n\t\t\t\t<img loading=\"lazy\" decoding=\"async\" src=\"https:\/\/myleneriva.ca\/wp-content\/uploads\/2025\/12\/PRISE_header-1.png\" alt=\"PRISE_header\" height=\"1378\" width=\"1074\" title=\"PRISE_header\" onerror=\"this.style.display='none'\" \/>\n\t\t\t\t<\/a>\n\t<\/figure>\n\t<h4>COMPRENDRE LES PERSPECTIVES ET L&#8217;ACTION DE RESSOURCES COMMUNAUTAIRES EN MATI\u00c8RE DE PR\u00c9CARIT\u00c9 \u00c9NERG\u00c9TIQUE<\/h4>\n<p>Bravo \u00e0 l'\u00e9quipe pour leur nouvelle publication!<\/p>\n<p>Lisez-la <a href=\"https:\/\/myleneriva.ca\/wp-content\/uploads\/2025\/12\/Precarite-Energetique-Corrected-FINAL.pdf\">ici<\/a>!<\/p>\n<p>D\u00e9cembre, 2025<\/p>\n<figure itemscope itemtype=\"https:\/\/schema.org\/ImageObject\">\n\t\t\t\t<a href=\"https:\/\/myleneriva.ca\/wp-content\/uploads\/2025\/03\/Nuna-Interviews_-Report-_-Digital-FINAL.pdf\"  target=\"_blank\" rel=\"noopener\"  itemprop=\"url\">\n\t\t\t\t<img loading=\"lazy\" decoding=\"async\" src=\"https:\/\/myleneriva.ca\/wp-content\/uploads\/2025\/03\/Capture3.png\" alt=\"Community Voices Report\" height=\"703\" width=\"540\" title=\"Community Voices Report\" onerror=\"this.style.display='none'\" \/>\n\t\t\t\t<\/a>\n\t<\/figure>\n\t<h4>COMMUNITY VOICES: PERCEPTIONS, PRIORITIES and NEEDS<br \/>\nto INFORM ADAPTATION PLANNING in TUUKTUUYAKTUUQ<\/h4>\n<p>Morgen Berthussen travelled to Tuuktuuyaktuuq in March to present a report created by her and her team.<\/p>\n<p>Lisez-la <a href=\"https:\/\/myleneriva.ca\/wp-content\/uploads\/2025\/03\/Nuna-Interviews_-Report-_-Digital-FINAL.pdf\">ici<\/a>!<\/p>\n<p>March 7th, 2025<\/p>\n<figure itemscope itemtype=\"https:\/\/schema.org\/ImageObject\">\n\t\t\t\t<a href=\"https:\/\/myleneriva.ca\/wp-content\/uploads\/2025\/04\/Service_Providers.pdf\"  target=\"_blank\" rel=\"noopener\"  itemprop=\"url\">\n\t\t\t\t<img loading=\"lazy\" decoding=\"async\" src=\"https:\/\/myleneriva.ca\/wp-content\/uploads\/2025\/04\/Screenshot-2025-04-22-at-9.34.20\u202fAM.png\" alt=\"Screenshot 2025-04-22 at 9.34.20\u202fAM\" height=\"1770\" width=\"1368\" title=\"Screenshot 2025-04-22 at 9.34.20\u202fAM\" onerror=\"this.style.display='none'\" \/>\n\t\t\t\t<\/a>\n\t<\/figure>\n\t<h4><a title=\"New Paper Explores the Effects of Resource Extraction on Indigenous Peoples' Health in Canada\" href=\"https:\/\/myleneriva.ca\/wp-content\/uploads\/2024\/07\/Energy-poverty-from-the-perpective-of-service-providers.pdf\">Un nouveau rapport explore <\/a><a href=\"https:\/\/myleneriva.ca\/wp-content\/uploads\/2025\/04\/Service_Providers.pdf\">Energy Hardships from the Perspective of Service Providers<\/a><\/h4>\n<p>Congratulations to team member Laurianne Debann\u00e9 for her recent publication: &#8220;<a href=\"https:\/\/myleneriva.ca\/wp-content\/uploads\/2025\/04\/Service_Providers.pdf\">Energy hardships from the perspective of service providers<\/a>&#8220;.<\/p>\n<a href=\"https:\/\/myleneriva.ca\/fr\/2024\/07\/energy-poverty-service-providers-report\/\">En savoir plus<\/a><br \/>\nJuly 2nd, 2024\n<figure itemscope itemtype=\"https:\/\/schema.org\/ImageObject\">\n\t\t\t\t<a href=\"https:\/\/myleneriva.ca\/fr\/2023\/11\/rgs-conference-presentation\/\"  target=\"_blank\" rel=\"noopener\"  itemprop=\"url\">\n\t\t\t\t<img loading=\"lazy\" decoding=\"async\" src=\"https:\/\/myleneriva.ca\/wp-content\/uploads\/2023\/11\/IMG_8308-e1698955489315.png\" alt=\"IMG_8308\" height=\"1413\" width=\"2509\" title=\"IMG_8308\" onerror=\"this.style.display='none'\" \/>\n\t\t\t\t<\/a>\n\t<\/figure>\n\t<header>\n<\/header><header>\n<h4><a href=\"https:\/\/myleneriva.ca\/fr\/2023\/11\/rgs-conference-presentation\/\">Laurianne et Sophie pr\u00e9sentent leurs recherches \u00e0 la conf\u00e9rence 2023 de la Soci\u00e9t\u00e9 royale de g\u00e9ographie (Royal Geographic Society)<\/a><\/h4>\n<\/header>\n<p>Sophie and Laurianne attended the Royal Geographical Society&#8217;s Annual Conference in London in September.<\/p>\n\n<a href=\"https:\/\/myleneriva.ca\/fr\/2023\/11\/rgs-conference-presentation\/\">En savoir plus<\/a><br \/>\n<time datetime=\"June 21, 2021\">2 novembre 2023<\/time>\n<figure itemscope itemtype=\"https:\/\/schema.org\/ImageObject\">\n\t\t\t\t<a href=\"https:\/\/myleneriva.ca\/fr\/2023\/02\/congratulations-to-morgen-bertheussen-and-sophie-kingunza-makasi-copy-2\/\"  target=\"_blank\" rel=\"noopener\"  itemprop=\"url\">\n\t\t\t\t<img loading=\"lazy\" decoding=\"async\" src=\"https:\/\/myleneriva.ca\/wp-content\/uploads\/2023\/04\/congrats_sophiemorgen.png\" alt=\"congrats+_sophie+morgen\" height=\"900\" width=\"1600\" title=\"congrats+_sophie+morgen\" onerror=\"this.style.display='none'\" \/>\n\t\t\t\t<\/a>\n\t<\/figure>\n\t<header>\n<\/header><header>\n<\/header><header>\n<h4><a href=\"https:\/\/myleneriva.ca\/fr\/2023\/02\/congratulations-to-morgen-bertheussen-and-sophie-kingunza-makasi-copy-2\/\">F\u00e9licitations \u00e0 Morgen et Sophie !<\/a><\/h4>\n<\/header>\n<p>F\u00e9licitations aux membres de l'\u00e9quipe Morgen Bertheussen et Sophie Kingunza Makasi pour avoir termin\u00e9 avec succ\u00e8s leur m\u00e9moire de ma\u00eetrise !<\/p>\n<a href=\"https:\/\/myleneriva.ca\/fr\/2023\/04\/congratulations-to-hannah-brais-and-sophie-kingunza-makasi-copy-2\/\">En savoir plus<\/a><br \/>\n<time datetime=\"June 21, 2021\">15 f\u00e9vrier 2023<\/time>\n\n\n<figure itemscope itemtype=\"https:\/\/schema.org\/ImageObject\">\n\t\t\t\t<a href=\"https:\/\/ojs.lib.uwo.ca\/index.php\/ijoh\/article\/view\/14196\"  target=\"_blank\" rel=\"noopener\"  itemprop=\"url\">\n\t\t\t\t<img loading=\"lazy\" decoding=\"async\" src=\"https:\/\/myleneriva.ca\/wp-content\/uploads\/2024\/09\/news-post.png\" alt=\"Click to read article\" height=\"385\" width=\"690\" title=\"news post\" onerror=\"this.style.display='none'\" \/>\n\t\t\t\t<\/a>\n\t<\/figure>\n\t<header>\n<\/header><header>\n<\/header><header>\n<\/header><header>\n<h4><a title=\"New Paper Explores the Effects of Resource Extraction on Indigenous Peoples' Health in Canada\" href=\"https:\/\/myleneriva.ca\/fr\/2023\/01\/new-paper-explores-inclusivity-among-women-accessing-shelters\/\">Un nouveau publication examine les effets de l'extraction des ressources sur la sant\u00e9 des populations autochtones au Canada <\/a><a href=\"https:\/\/ojs.lib.uwo.ca\/index.php\/ijoh\/article\/view\/14196\">en ce qui concerne les consid\u00e9rations relatives \u00e0 l'inclusion des femmes ayant acc\u00e8s \u00e0 un service de logement de type \u00ab porte ouverte \u00bb au Canada<\/a><\/h4>\n<p>Congratulations to team member Hannah Brais for her recent publication in the International Journal on Homelessness, &#8220;<a href=\"https:\/\/ojs.lib.uwo.ca\/index.php\/ijoh\/article\/view\/14196\">Inside the Open Door: Considerations of Inclusivity Among Women Accessing an Open Door Housing Service in Canada \u00bb<\/a>&#8220;.<\/p>\n<a href=\"https:\/\/myleneriva.ca\/fr\/2023\/01\/new-paper-explores-inclusivity-among-women-accessing-shelters\/\">En savoir plus<\/a><br \/>\n6 janvier 2023\n<\/header>\n\n\n\n<figure itemscope itemtype=\"https:\/\/schema.org\/ImageObject\">\n\t\t\t\t<a href=\"https:\/\/www.sciencedirect.com\/science\/article\/pii\/S2214629621003303?fbclid=IwAR1r0z3gQ9wdqpEuNIr7LPfDKr2catCimmpPqhqiYpjObzVXUXFqcXmfJFQ\"  target=\"_blank\" rel=\"noopener\"  itemprop=\"url\">\n\t\t\t\t<img loading=\"lazy\" decoding=\"async\" src=\"https:\/\/myleneriva.ca\/wp-content\/uploads\/2023\/04\/EP_Canada1.png\" alt=\"EP_Canada1\" height=\"900\" width=\"1600\" title=\"EP_Canada1\" onerror=\"this.style.display='none'\" \/>\n\t\t\t\t<\/a>\n\t<\/figure>\n\t<h4><a href=\"https:\/\/myleneriva.ca\/fr\/2021\/11\/new-paper-explores-energy-poverty-canada\/?preview_id=2216&amp;preview_nonce=c00bec4a94&amp;preview=true&amp;_thumbnail_id=2215\">New Paper Explores the Prevalence, Social and Spatial Distribution, and Implications for Research and Policy of Energy Poverty in Canada<\/a><\/h4>\n\n<p>Congratulations to team members Mylene Riva and Sophie Kinguza Makasi for their recent publication in\u00a0Energy Research &amp; Social Science, &#8220;<a href=\"https:\/\/www.sciencedirect.com\/science\/article\/pii\/S2214629621003303?fbclid=IwAR1r0z3gQ9wdqpEuNIr7LPfDKr2catCimmpPqhqiYpjObzVXUXFqcXmfJFQ\">Energy poverty in Canada: Prevalence, social and spatial distribution, and implications for research and policy<\/a>&#8220;.<\/p>\n<a href=\"https:\/\/myleneriva.ca\/fr\/2021\/11\/new-paper-explores-energy-poverty-canada\/?preview_id=2216&amp;preview_nonce=c00bec4a94&amp;preview=true&amp;_thumbnail_id=2215\">En savoir plus<\/a><br \/>\n<time datetime=\"June 21, 2021\">6 novembre 2021<\/time>\n<figure itemscope itemtype=\"https:\/\/schema.org\/ImageObject\">\n\t\t\t\t<a href=\"https:\/\/myleneriva.ca\/fr\/2021\/04\/new-illustrations-highlight-results-from-study-on-the-impacts-of-social-housing-construction-in-inuit-communities\/\"  target=\"_blank\" rel=\"noopener\"  itemprop=\"url\">\n\t\t\t\t<img loading=\"lazy\" decoding=\"async\" src=\"https:\/\/myleneriva.ca\/wp-content\/uploads\/2021\/04\/3.-IMG_5314-sized2-e1623274492507.jpg\" alt=\"IMG_5314-sized2\" height=\"491\" width=\"819\" title=\"IMG_5314-sized2\" onerror=\"this.style.display='none'\" \/>\n\t\t\t\t<\/a>\n\t<\/figure>\n\t<h4><a title=\"De nouvelles illustrations mettent en lumi\u00e8re les r\u00e9sultats d&#039;une \u00e9tude sur l&#039;impact de la construction de logements sociaux dans les communaut\u00e9s inuites\" href=\"https:\/\/myleneriva.ca\/fr\/2021\/04\/new-illustrations-highlight-results-from-study-on-the-impacts-of-social-housing-construction-in-inuit-communities\/\">De nouvelles illustrations mettent en lumi\u00e8re les r\u00e9sultats d'une \u00e9tude sur l'impact de la construction de logements sociaux dans les communaut\u00e9s inuites<\/a><\/h4>\n<p>In a recent paper, authors Karine Perreault, Prof. Mylene Riva, Philippe Dufresne, and Prof. Christopher Fletcher examine the relationship between living in overcrowded conditions and sense of home among nearly 300 Inuit. The paper, &#8220;Overcrowding and sense of home in the Canadian Arctic,&#8221; is published in Housing Studies. Now, interested&#8230;<\/p>\n<a href=\"https:\/\/myleneriva.ca\/fr\/2021\/04\/new-illustrations-highlight-results-from-study-on-the-impacts-of-social-housing-construction-in-inuit-communities\/\">En savoir plus<\/a><br \/>\n<time datetime=\"April 26, 2021\">26 avril 2021<\/time>","protected":false},"excerpt":{"rendered":"<p>News \u00ab C&#8217;\u00e9tait tr\u00e8s difficile \u00e0 chauffer, puis \u00e7a co\u00fbtait cher aussi d&#8217;\u00e9lectricit\u00e9, juste pour un appartement ! \u00bb Une \u00e9tude sur l&#8217;exp\u00e9rience v\u00e9cue de la pr\u00e9carit\u00e9 \u00e9nerg\u00e9tique sur l&#8217;\u00eele et la Rive-Sud de Montr\u00e9al Congratulations to the team for their recent publication! Read it here! Mars 2026 COMMUNITY ENGAGEMENT AND KNOWLEDGE TRANSLATION IN BRIDGEWATER [&hellip;]<\/p>\n","protected":false},"author":8,"featured_media":0,"parent":0,"menu_order":0,"comment_status":"closed","ping_status":"closed","template":"","meta":{"ocean_post_layout":"","ocean_both_sidebars_style":"","ocean_both_sidebars_content_width":0,"ocean_both_sidebars_sidebars_width":0,"ocean_sidebar":"0","ocean_second_sidebar":"0","ocean_disable_margins":"enable","ocean_add_body_class":"","ocean_shortcode_before_top_bar":"","ocean_shortcode_after_top_bar":"","ocean_shortcode_before_header":"","ocean_shortcode_after_header":"","ocean_has_shortcode":"","ocean_shortcode_after_title":"","ocean_shortcode_before_footer_widgets":"","ocean_shortcode_after_footer_widgets":"","ocean_shortcode_before_footer_bottom":"","ocean_shortcode_after_footer_bottom":"","ocean_display_top_bar":"default","ocean_display_header":"default","ocean_header_style":"","ocean_center_header_left_menu":"0","ocean_custom_header_template":"0","ocean_custom_logo":0,"ocean_custom_retina_logo":0,"ocean_custom_logo_max_width":0,"ocean_custom_logo_tablet_max_width":0,"ocean_custom_logo_mobile_max_width":0,"ocean_custom_logo_max_height":0,"ocean_custom_logo_tablet_max_height":0,"ocean_custom_logo_mobile_max_height":0,"ocean_header_custom_menu":"0","ocean_menu_typo_font_family":"0","ocean_menu_typo_font_subset":"","ocean_menu_typo_font_size":0,"ocean_menu_typo_font_size_tablet":0,"ocean_menu_typo_font_size_mobile":0,"ocean_menu_typo_font_size_unit":"px","ocean_menu_typo_font_weight":"","ocean_menu_typo_font_weight_tablet":"","ocean_menu_typo_font_weight_mobile":"","ocean_menu_typo_transform":"","ocean_menu_typo_transform_tablet":"","ocean_menu_typo_transform_mobile":"","ocean_menu_typo_line_height":0,"ocean_menu_typo_line_height_tablet":0,"ocean_menu_typo_line_height_mobile":0,"ocean_menu_typo_line_height_unit":"","ocean_menu_typo_spacing":0,"ocean_menu_typo_spacing_tablet":0,"ocean_menu_typo_spacing_mobile":0,"ocean_menu_typo_spacing_unit":"","ocean_menu_link_color":"","ocean_menu_link_color_hover":"","ocean_menu_link_color_active":"","ocean_menu_link_background":"","ocean_menu_link_hover_background":"","ocean_menu_link_active_background":"","ocean_menu_social_links_bg":"","ocean_menu_social_hover_links_bg":"","ocean_menu_social_links_color":"","ocean_menu_social_hover_links_color":"","ocean_disable_title":"default","ocean_disable_heading":"default","ocean_post_title":"","ocean_post_subheading":"","ocean_post_title_style":"","ocean_post_title_background_color":"","ocean_post_title_background":0,"ocean_post_title_bg_image_position":"","ocean_post_title_bg_image_attachment":"","ocean_post_title_bg_image_repeat":"","ocean_post_title_bg_image_size":"","ocean_post_title_height":0,"ocean_post_title_bg_overlay":0.5,"ocean_post_title_bg_overlay_color":"","ocean_disable_breadcrumbs":"default","ocean_breadcrumbs_color":"","ocean_breadcrumbs_separator_color":"","ocean_breadcrumbs_links_color":"","ocean_breadcrumbs_links_hover_color":"","ocean_display_footer_widgets":"default","ocean_display_footer_bottom":"default","ocean_custom_footer_template":"0","ofc_meta_disable_footer_callout":"","ofc_meta_callout_button_url":"","ofc_meta_callout_button_txt":"","ofc_meta_callout_text":"","ofc_enable_fullscreen":"disable","ofc_fullscreen_speed":0,"ofc_fullscreen_nav":"enable","ofc_fullscreen_nav_pos":"right","ofc_fullscreen_nav_color":"","ofc_fullscreen_nav_tooltip_color":"","ofc_fullscreen_responsive":0,"osp_disable_panel":"default","osh_disable_topbar_sticky":"default","osh_disable_header_sticky":"default","osh_sticky_header_style":"default","osh_sticky_header_effect":"","osh_custom_sticky_logo":0,"osh_custom_retina_sticky_logo":0,"osh_custom_sticky_logo_height":0,"osh_background_color":"","osh_links_color":"","osh_links_hover_color":"","osh_links_active_color":"","osh_links_bg_color":"","osh_links_hover_bg_color":"","osh_links_active_bg_color":"","osh_menu_social_links_color":"","osh_menu_social_hover_links_color":"","footnotes":""},"class_list":["post-1441","page","type-page","status-publish","hentry","entry"],"_links":{"self":[{"href":"https:\/\/myleneriva.ca\/fr\/wp-json\/wp\/v2\/pages\/1441","targetHints":{"allow":["GET"]}}],"collection":[{"href":"https:\/\/myleneriva.ca\/fr\/wp-json\/wp\/v2\/pages"}],"about":[{"href":"https:\/\/myleneriva.ca\/fr\/wp-json\/wp\/v2\/types\/page"}],"author":[{"embeddable":true,"href":"https:\/\/myleneriva.ca\/fr\/wp-json\/wp\/v2\/users\/8"}],"replies":[{"embeddable":true,"href":"https:\/\/myleneriva.ca\/fr\/wp-json\/wp\/v2\/comments?post=1441"}],"version-history":[{"count":18,"href":"https:\/\/myleneriva.ca\/fr\/wp-json\/wp\/v2\/pages\/1441\/revisions"}],"predecessor-version":[{"id":2640,"href":"https:\/\/myleneriva.ca\/fr\/wp-json\/wp\/v2\/pages\/1441\/revisions\/2640"}],"wp:attachment":[{"href":"https:\/\/myleneriva.ca\/fr\/wp-json\/wp\/v2\/media?parent=1441"}],"curies":[{"name":"wp","href":"https:\/\/api.w.org\/{rel}","templated":true}]}}