{"id":2,"date":"2017-04-25T11:55:41","date_gmt":"2017-04-25T15:55:41","guid":{"rendered":"https:\/\/myleneriva.ca\/?page_id=2"},"modified":"2024-09-17T11:31:04","modified_gmt":"2024-09-17T15:31:04","slug":"team","status":"publish","type":"page","link":"https:\/\/myleneriva.ca\/fr\/team\/","title":{"rendered":"L'\u00e9quipe"},"content":{"rendered":"<h2>\n\t\tL'\u00e9quipe\n\t<\/h2>\n\t\t\t\t<img fetchpriority=\"high\" decoding=\"async\" src=\"https:\/\/myleneriva.ca\/wp-content\/uploads\/2023\/04\/mylene_riva_headshot_SEF-1.jpg\" alt=\"Mylene\" itemprop=\"image\" height=\"1365\" width=\"1364\" title=\"Mylene\" onerror=\"this.style.display='none'\"  \/>\n\t<h4><a href=\"mailto:mylene.riva@mcgill.ca\">Courriel<\/a><\/h4>\n\t<h2><strong>Prof. Myl\u00e8ne Riva<\/strong><\/h2>\n<p>Bonjour! Hello! Welcome to my research group&#8217;s website. I am an Associate Professor at McGill University, cross-appointed in the <a href=\"http:\/\/www.mcgill.ca\/ihsp\/\">Institut pour la sant\u00e9 et la politique sociale<\/a> et le <a href=\"http:\/\/www.mcgill.ca\/geography\/\">D\u00e9partement de la g\u00e9ographie<\/a>. Je fais partie du <a href=\"http:\/\/www.chairs-chaires.gc.ca\/chairholders-titulaires\/profile-eng.aspx?profileId=4403\">Chaire de recherche du Canada (niveau 2)<\/a> dans le domaine du logement, de la communaut\u00e9 et de la sant\u00e9. Je suis g\u00e9ographe de la sant\u00e9 et chercheuse en sant\u00e9 des populations. Mes activit\u00e9s de recherche sont ax\u00e9es sur les d\u00e9terminants socio-environnementaux de la sant\u00e9 dans les communaut\u00e9s urbaines, rurales, \u00e9loign\u00e9es et indig\u00e8nes. Je m'int\u00e9resse particuli\u00e8rement au logement et aux communaut\u00e9s en tant qu'importants d\u00e9terminants de la sant\u00e9 li\u00e9s au lieu et en tant que cadres d'interventions visant \u00e0 am\u00e9liorer la sant\u00e9 de la population et \u00e0 r\u00e9duire les in\u00e9galit\u00e9s. Mes projets actuels portent sur l'intersection entre l'acc\u00e8s \u00e0 l'\u00e9nergie et la sant\u00e9 et le bien-\u00eatre, ainsi que sur les adaptations au changement climatique dans la communaut\u00e9 de Tuktoyaktuk. Je dirige et collabore \u00e0 diverses initiatives scientifiques dans ces domaines. Je suis titulaire d'une licence en g\u00e9ographie et d'un doctorat en sant\u00e9 publique et promotion de la sant\u00e9 de l'Universit\u00e9 de Montr\u00e9al. J'ai \u00e9t\u00e9 boursi\u00e8re postdoctorale en g\u00e9ographie de la sant\u00e9 \u00e0 l'Universit\u00e9 Durham, au Royaume-Uni, et j'ai obtenu une bourse postdoctorale Banting \u00e0 l'Universit\u00e9 Laval. Avant de rejoindre McGill en 2016, j'\u00e9tais professeur adjoint dans le <a href=\"http:\/\/www.fmed.ulaval.ca\/la-faculte-et-son-reseau\/a-propos-de-la-faculte\/departements\/departement-de-medecine-sociale-et-preventive\/presentation\/\">D\u00e9partement de m\u00e9decine sociale et pr\u00e9ventive<\/a> \u00e0 l'Universit\u00e9 Laval et chercheuse au <a href=\"https:\/\/www.chudequebec.ca\/accueil.aspx\">Centre de recherche du CHU de Qu\u00e9bec<\/a> (2012-2016).<\/p>\n\t<h2><a href=\"https:\/\/myleneriva.ca\/fr\/team\/team-copy\/\"><strong>Personnel et \u00e9tudiants actuels<\/strong><\/a><\/h2>\n<a href=\"https:\/\/myleneriva.ca\/fr\/team\/team-copy\/#researchassistant\">Personnel<\/a><br \/>\n<a href=\"https:\/\/myleneriva.ca\/fr\/team\/team-copy\/\">Master&#8217;s Students<\/a><br \/>\n<a href=\"https:\/\/myleneriva.ca\/fr\/team\/team-copy\/#phd\">Doctorants &amp; chercheures postdoctoraux<\/a><br \/>\n<a href=\"https:\/\/myleneriva.ca\/fr\/team\/team-copy\/#undergraduate\">\u00c9tudiants de premier cycle avec sp\u00e9cialisation<\/a>\n\t<h2><strong><a href=\"https:\/\/myleneriva.ca\/fr\/former-members\/\">Anciens membres du personnel et \u00e9tudiants<\/a><\/strong><\/h2>\n<a href=\"https:\/\/myleneriva.ca\/fr\/former-members\/#RA\">Assistants de recherche et administrateurs<\/a><br \/>\n<a href=\"https:\/\/myleneriva.ca\/fr\/former-members\/#students\">\u00c9tudiants<\/a><br \/>\n<a href=\"https:\/\/myleneriva.ca\/fr\/former-members\/#postdoc\">Chercheurs postdoctoraux<\/a>\n\t<h4>Photo de l'en-t\u00eate: Dr. Marie Baron<\/h4>","protected":false},"excerpt":{"rendered":"<p>Team email Prof. Myl\u00e8ne Riva Bonjour! Hello! Welcome to my research group&#8217;s website. I am an Associate Professor at McGill University, cross-appointed in the Institute for Health and Social Policy and the Department of Geography. I hold the Canada Research Chair (Tier 2) in Housing, Community, and Health. I am a health geographer and population [&hellip;]<\/p>\n","protected":false},"author":1,"featured_media":0,"parent":0,"menu_order":0,"comment_status":"closed","ping_status":"closed","template":"elementor_header_footer","meta":{"ocean_post_layout":"","ocean_both_sidebars_style":"","ocean_both_sidebars_content_width":0,"ocean_both_sidebars_sidebars_width":0,"ocean_sidebar":"0","ocean_second_sidebar":"0","ocean_disable_margins":"enable","ocean_add_body_class":"","ocean_shortcode_before_top_bar":"","ocean_shortcode_after_top_bar":"","ocean_shortcode_before_header":"","ocean_shortcode_after_header":"","ocean_has_shortcode":"","ocean_shortcode_after_title":"","ocean_shortcode_before_footer_widgets":"","ocean_shortcode_after_footer_widgets":"","ocean_shortcode_before_footer_bottom":"","ocean_shortcode_after_footer_bottom":"","ocean_display_top_bar":"default","ocean_display_header":"default","ocean_header_style":"","ocean_center_header_left_menu":"0","ocean_custom_header_template":"0","ocean_custom_logo":0,"ocean_custom_retina_logo":0,"ocean_custom_logo_max_width":0,"ocean_custom_logo_tablet_max_width":0,"ocean_custom_logo_mobile_max_width":0,"ocean_custom_logo_max_height":0,"ocean_custom_logo_tablet_max_height":0,"ocean_custom_logo_mobile_max_height":0,"ocean_header_custom_menu":"0","ocean_menu_typo_font_family":"0","ocean_menu_typo_font_subset":"","ocean_menu_typo_font_size":0,"ocean_menu_typo_font_size_tablet":0,"ocean_menu_typo_font_size_mobile":0,"ocean_menu_typo_font_size_unit":"px","ocean_menu_typo_font_weight":"","ocean_menu_typo_font_weight_tablet":"","ocean_menu_typo_font_weight_mobile":"","ocean_menu_typo_transform":"","ocean_menu_typo_transform_tablet":"","ocean_menu_typo_transform_mobile":"","ocean_menu_typo_line_height":0,"ocean_menu_typo_line_height_tablet":0,"ocean_menu_typo_line_height_mobile":0,"ocean_menu_typo_line_height_unit":"","ocean_menu_typo_spacing":0,"ocean_menu_typo_spacing_tablet":0,"ocean_menu_typo_spacing_mobile":0,"ocean_menu_typo_spacing_unit":"","ocean_menu_link_color":"","ocean_menu_link_color_hover":"","ocean_menu_link_color_active":"","ocean_menu_link_background":"","ocean_menu_link_hover_background":"","ocean_menu_link_active_background":"","ocean_menu_social_links_bg":"","ocean_menu_social_hover_links_bg":"","ocean_menu_social_links_color":"","ocean_menu_social_hover_links_color":"","ocean_disable_title":"default","ocean_disable_heading":"default","ocean_post_title":"","ocean_post_subheading":"","ocean_post_title_style":"","ocean_post_title_background_color":"","ocean_post_title_background":0,"ocean_post_title_bg_image_position":"","ocean_post_title_bg_image_attachment":"","ocean_post_title_bg_image_repeat":"","ocean_post_title_bg_image_size":"","ocean_post_title_height":0,"ocean_post_title_bg_overlay":0.5,"ocean_post_title_bg_overlay_color":"","ocean_disable_breadcrumbs":"default","ocean_breadcrumbs_color":"","ocean_breadcrumbs_separator_color":"","ocean_breadcrumbs_links_color":"","ocean_breadcrumbs_links_hover_color":"","ocean_display_footer_widgets":"default","ocean_display_footer_bottom":"default","ocean_custom_footer_template":"0","ofc_meta_disable_footer_callout":"","ofc_meta_callout_button_url":"","ofc_meta_callout_button_txt":"","ofc_meta_callout_text":"","ofc_enable_fullscreen":"disable","ofc_fullscreen_speed":0,"ofc_fullscreen_nav":"enable","ofc_fullscreen_nav_pos":"right","ofc_fullscreen_nav_color":"","ofc_fullscreen_nav_tooltip_color":"","ofc_fullscreen_responsive":0,"osp_disable_panel":"default","osh_disable_topbar_sticky":"default","osh_disable_header_sticky":"default","osh_sticky_header_style":"default","osh_sticky_header_effect":"","osh_custom_sticky_logo":0,"osh_custom_retina_sticky_logo":0,"osh_custom_sticky_logo_height":0,"osh_background_color":"","osh_links_color":"","osh_links_hover_color":"","osh_links_active_color":"","osh_links_bg_color":"","osh_links_hover_bg_color":"","osh_links_active_bg_color":"","osh_menu_social_links_color":"","osh_menu_social_hover_links_color":"","footnotes":""},"class_list":["post-2","page","type-page","status-publish","hentry","entry"],"_links":{"self":[{"href":"https:\/\/myleneriva.ca\/fr\/wp-json\/wp\/v2\/pages\/2","targetHints":{"allow":["GET"]}}],"collection":[{"href":"https:\/\/myleneriva.ca\/fr\/wp-json\/wp\/v2\/pages"}],"about":[{"href":"https:\/\/myleneriva.ca\/fr\/wp-json\/wp\/v2\/types\/page"}],"author":[{"embeddable":true,"href":"https:\/\/myleneriva.ca\/fr\/wp-json\/wp\/v2\/users\/1"}],"replies":[{"embeddable":true,"href":"https:\/\/myleneriva.ca\/fr\/wp-json\/wp\/v2\/comments?post=2"}],"version-history":[{"count":162,"href":"https:\/\/myleneriva.ca\/fr\/wp-json\/wp\/v2\/pages\/2\/revisions"}],"predecessor-version":[{"id":2412,"href":"https:\/\/myleneriva.ca\/fr\/wp-json\/wp\/v2\/pages\/2\/revisions\/2412"}],"wp:attachment":[{"href":"https:\/\/myleneriva.ca\/fr\/wp-json\/wp\/v2\/media?parent=2"}],"curies":[{"name":"wp","href":"https:\/\/api.w.org\/{rel}","templated":true}]}}